{"id":29437,"date":"2023-05-22T16:04:57","date_gmt":"2023-05-22T14:04:57","guid":{"rendered":"https:\/\/confiserie-adam.fr\/boutique\/produit\/amande-chocolat-pain-depices-2\/"},"modified":"2026-04-23T18:41:11","modified_gmt":"2026-04-23T16:41:11","slug":"amande-chocolat-pain-depices-2","status":"publish","type":"product","link":"https:\/\/confiserie-adam.fr\/boutique\/produit\/amande-chocolat-pain-depices-2\/","title":{"rendered":"Amande chocolat pain d&#8217;\u00e9pices"},"content":{"rendered":"<p>Amande enrob\u00e9e de chocolat saveur pain d&#8217;\u00e9pices.<\/p>\n<p>&nbsp;<\/p>\n<p><strong>Ingr\u00e9dients principaux :<\/strong><\/p>\n<ul>\n<li>Amande qualit\u00e9 sup\u00e9rieure<\/li>\n<li>Chocolat saveur pain d&#8217;\u00e9pices<\/li>\n<\/ul>\n<p>&nbsp;<\/p>\n<p><strong>Confiserie Adam<\/strong><\/p>\n<p>Entreprise familiale qui a \u00e0 c\u0153ur ses clients. Vous offrir \u00e0 la fois le go\u00fbt, le plaisir gustatif et la qualit\u00e9.<\/p>\n<ul>\n<li>Fabrication fran\u00e7aise depuis 1912<\/li>\n<li>Entreprise du Patrimoine Vivant<\/li>\n<li>Ingr\u00e9dients de qualit\u00e9<\/li>\n<\/ul>\n<p>&nbsp;<\/p>\n<p><strong>Conseils de conservation<\/strong><\/p>\n<p>\u00c0 conserver \u00e0 l\u2019abri de la lumi\u00e8re et de l\u2019humidit\u00e9, dans un endroit frais et sec.<\/p>\n<p>&nbsp;<\/p>\n<p><strong><u>Ce produit contient<\/u><\/strong><\/p>\n<p>Amande grill\u00e9e enrob\u00e9e de chocolat noir saveur pain d&#8217;\u00e9pices, gla\u00e7age chocolat blanc.<\/p>\n<p>Ingr\u00e9dients : chocolat noir 61% (cacao 60% minimum) (masse et beurre de cacao, sucre, \u00e9mulsifiant : l\u00e9cithine de SOJA), AMANDE grill\u00e9e 30%, ar\u00f4mes, chocolat blanc (cacao 26% minimum) (sucre, beurre de cacao, LAIT entier en poudre, lactos\u00e9rum en poudre (LAIT), \u00e9mulsifiants (l\u00e9cithine de SOJA, E476), ar\u00f4me naturel de vanille), vernissage (sirop de glucose, sucre, agents d&#8217;enrobage : shellac, gomme d&#8217;acacia).<\/p>\n<p>Chocolat fabriqu\u00e9 en UE. F\u00e8ves de cacao et amande origine non UE.<\/p>\n<p>Peut contenir : autres fruits \u00e0 coque, gluten, arachides, \u0153uf.<\/p>\n","protected":false},"excerpt":{"rendered":"<p>Une amande croquante enrob\u00e9e de chocolat saveur pain d&#8217;\u00e9pices.<\/p>\n","protected":false},"featured_media":29541,"comment_status":"open","ping_status":"closed","template":"","meta":[],"product_cat":[29,43,44],"product_tag":[],"_links":{"self":[{"href":"https:\/\/confiserie-adam.fr\/boutique\/wp-json\/wp\/v2\/product\/29437"}],"collection":[{"href":"https:\/\/confiserie-adam.fr\/boutique\/wp-json\/wp\/v2\/product"}],"about":[{"href":"https:\/\/confiserie-adam.fr\/boutique\/wp-json\/wp\/v2\/types\/product"}],"replies":[{"embeddable":true,"href":"https:\/\/confiserie-adam.fr\/boutique\/wp-json\/wp\/v2\/comments?post=29437"}],"wp:featuredmedia":[{"embeddable":true,"href":"https:\/\/confiserie-adam.fr\/boutique\/wp-json\/wp\/v2\/media\/29541"}],"wp:attachment":[{"href":"https:\/\/confiserie-adam.fr\/boutique\/wp-json\/wp\/v2\/media?parent=29437"}],"wp:term":[{"taxonomy":"product_cat","embeddable":true,"href":"https:\/\/confiserie-adam.fr\/boutique\/wp-json\/wp\/v2\/product_cat?post=29437"},{"taxonomy":"product_tag","embeddable":true,"href":"https:\/\/confiserie-adam.fr\/boutique\/wp-json\/wp\/v2\/product_tag?post=29437"}],"curies":[{"name":"wp","href":"https:\/\/api.w.org\/{rel}","templated":true}]}}