{"id":222,"date":"2020-01-21T17:16:20","date_gmt":"2020-01-21T16:16:20","guid":{"rendered":"https:\/\/confiserie-adam.fr\/boutique\/?page_id=222"},"modified":"2020-03-20T11:05:12","modified_gmt":"2020-03-20T10:05:12","slug":"mentions-legales","status":"publish","type":"page","link":"https:\/\/confiserie-adam.fr\/boutique\/mentions-legales\/","title":{"rendered":"Mentions l\u00e9gales"},"content":{"rendered":"<p><b>Mise \u00e0 jour\u00a0: janvier 2020<\/b><\/p>\n<p>&nbsp;<\/p>\n<p><span style=\"font-weight: 400;\">Les pr\u00e9sentes conditions g\u00e9n\u00e9rales fixent les modalit\u00e9s d\u2019utilisation du site internet\u00a0<\/span><a href=\"http:\/\/www.confiserie-adam.fr\"><span style=\"font-weight: 400;\">www.confiserie-adam.fr<\/span><\/a><span style=\"font-weight: 400;\">\u00a0<\/span><\/p>\n<p>&nbsp;<\/p>\n<p><b><\/b><\/p>\n<h3><b>Pr\u00e9sentation du site\u00a0<\/b><\/h3>\n<p><span style=\"font-weight: 400;\">Vous \u00eates actuellement connect\u00e9 au site <\/span><a href=\"http:\/\/www.confiserie-adam.fr\/boutique\"><span style=\"font-weight: 400;\">www.confiserie-adam.fr\/boutique<\/span><\/a><\/p>\n<p>&nbsp;<\/p>\n<p><span style=\"font-weight: 400;\">Conform\u00e9ment \u00e0 la loi \u00ab\u00a0Informatique et Libert\u00e9s\u00a0\u00bb du 6 janvier 1978 modifi\u00e9e, vous b\u00e9n\u00e9ficiez d\u2019un droit d\u2019acc\u00e8s et de rectification aux informations qui vous concernent, que vous pouvez exercer en vous adressant \u00e0 Confiserie Adam 42, rue de la Gare 68420 Herrlisheim-pr\u00e8s-Colmar.<\/span><\/p>\n<p>&nbsp;<\/p>\n<p><span style=\"font-weight: 400;\">En vertu de l\u2019article 6 de la loi n\u00b0 2004-575 du 21 juin 2004 pour la confiance dans l\u2019\u00e9conomie num\u00e9rique, il est pr\u00e9cis\u00e9 aux utilisateurs du site\u00a0<\/span><a href=\"https:\/\/confiserie-adam.fr\/boutique\"><span style=\"font-weight: 400;\">https:\/\/confiserie-adam.fr\/boutique<\/span><\/a><span style=\"font-weight: 400;\"> \u00a0l\u2019identit\u00e9 des diff\u00e9rents intervenants dans le cadre de sa r\u00e9alisation et de son suivi :<\/span><\/p>\n<p><span style=\"font-weight: 400;\">L\u2019\u00e9diteur du site internet est\u00a0: Confiserie Adam, 42 rue de la gare 68420 Herrlisheim-pr\u00e8s-Colmar, num\u00e9ro RCS B919\u00a0420\u00a0128,\u00a0<\/span><\/p>\n<p><span style=\"font-weight: 400;\">Tel\u00a0: 03 89 49 31 35,<\/span><\/p>\n<p><span style=\"font-weight: 400;\">Adresse e-mail\u00a0: <\/span><a href=\"mailto:commercial@confiserie-adam.fr\"><span style=\"font-weight: 400;\">commercial@confiserie-adam.fr<\/span><\/a><span style=\"font-weight: 400;\">\u00a0<\/span><\/p>\n<ul>\n<li style=\"font-weight: 400;\"><span style=\"font-weight: 400;\">Le directeur de la publication est\u00a0Rapha\u00ebl KIESELE\u00a0<\/span><\/li>\n<li style=\"font-weight: 400;\"><span style=\"font-weight: 400;\">Ce site est h\u00e9berg\u00e9 par\u00a0OVH, <\/span><span style=\"font-weight: 400;\">2 rue Kellermann &#8211; 59100 Roubaix &#8211; France<\/span><\/li>\n<\/ul>\n<p>&nbsp;<\/p>\n<p><span style=\"font-weight: 400;\">Par l\u2019interm\u00e9diaire de ce site, nous souhaitons vous pr\u00e9senter nos diff\u00e9rents produits et nos nouveaut\u00e9s.<\/span><\/p>\n<p><span style=\"font-weight: 400;\">Nous avons \u00e0 c\u0153ur de vous raconter notre histoire, comment notre activit\u00e9 r\u00e9gionale est n\u00e9e.<\/span><\/p>\n<p><span style=\"font-weight: 400;\">Sur ce site internet, vous retrouverez \u00e9galement toutes nos actualit\u00e9s ainsi que les temps forts de notre entreprise.<\/span><\/p>\n<p><span style=\"font-weight: 400;\">Nous partagerons \u00e9galement avec vous des astuces et des recettes pour sublimer nos produits.<\/span><\/p>\n<p><span style=\"font-weight: 400;\">Vous avez \u00e9galement la possibilit\u00e9 de prendre contact avec nous via le <a href=\"https:\/\/confiserie-adam.fr\/boutique\/contactez-nous\/\">formulaire de contact <\/a><\/span><i><span style=\"font-weight: 400;\">.<\/span><\/i><\/p>\n<p><span style=\"font-weight: 400;\">Surtout, vous trouverez sur ce site internet un e-shop au sein duquel vous pouvez achetez en ligne l\u2019int\u00e9gralit\u00e9 de nos produits.\u00a0<\/span><\/p>\n<p><span style=\"font-weight: 400;\">Enfin, vous disposez de toutes les informations n\u00e9cessaires pour nous retrouver et venir faire connaissance avec nous au sein de notre espace de vente situ\u00e9 42, rue de la Gare \u00e0 HERRLISHEIM-PRES-COLMAR<\/span><\/p>\n<p>&nbsp;<\/p>\n<h3><b>Conditions g\u00e9n\u00e9rales\u00a0<\/b><\/h3>\n<p><span style=\"font-weight: 400;\">En visitant ce site, vous acceptez les pratiques que nous allons d\u00e9tailler ci-apr\u00e8s et vous adh\u00e9rez aux termes et conditions annonc\u00e9es ci-apr\u00e8s.\u00a0<\/span><\/p>\n<p><span style=\"font-weight: 400;\">Ce site est la propri\u00e9t\u00e9 de la soci\u00e9t\u00e9 anonyme \u00e0 directoire CONFISERIE ADAM.<\/span><\/p>\n<p><span style=\"font-weight: 400;\">La CONFISERIE ADAM a son si\u00e8ge social 42, rue de la Gare \u00e0 HERRLISHEIM-PRES-COLMAR (68420).<\/span><\/p>\n<p><span style=\"font-weight: 400;\">Son capital social est de 207.000,00 \u20ac.<\/span><\/p>\n<p><span style=\"font-weight: 400;\">Elle est inscrite au Registre du Commerce et des Soci\u00e9t\u00e9s de Colmar sous le num\u00e9ro B919\u00a0420\u00a0128.<\/span><\/p>\n<p><span style=\"font-weight: 400;\">Son num\u00e9ro individuel d\u2019identification fiscale est le FR66\u00a0916\u00a0420 128.<\/span><\/p>\n<p>&nbsp;<\/p>\n<p><span style=\"font-weight: 400;\">Vous pouvez joindre la CONFISERIE ADAM via les moyens suivants\u00a0:<\/span><\/p>\n<ul>\n<li style=\"font-weight: 400;\"><span style=\"font-weight: 400;\">Par t\u00e9l\u00e9phone au 03.89.49.31.35<\/span><\/li>\n<li style=\"font-weight: 400;\"><span style=\"font-weight: 400;\">Par fax au 03.89.49.27.58<\/span><\/li>\n<li style=\"font-weight: 400;\"><span style=\"font-weight: 400;\">Par email\u00a0: <\/span><a href=\"mailto:commercial@confiserie-adam.fr\"><span style=\"font-weight: 400;\">commercial@confiserie-adam.fr<\/span><\/a><\/li>\n<\/ul>\n<p>&nbsp;<\/p>\n<h3><b>Propri\u00e9t\u00e9 intellectuelle et contrefa\u00e7ons\u00a0<\/b><\/h3>\n<p><span style=\"font-weight: 400;\">La soci\u00e9t\u00e9 CONFISERIE ADAM est titulaire de droits de propri\u00e9t\u00e9 intellectuelle, sur l\u2019int\u00e9gralit\u00e9 des documents pr\u00e9sents sur ce site internet \u00e0 savoir notamment les photographies, articles, images, dessins, s\u00e9quences anim\u00e9es, etc\u2026\u00a0<\/span><\/p>\n<p><span style=\"font-weight: 400;\">\u00a0Tous les \u00e9l\u00e9ments pr\u00e9sents sur ce site internet sont la propri\u00e9t\u00e9 de la soci\u00e9t\u00e9 CONFISERIE ADAM ou de tiers ayant autoris\u00e9 la soci\u00e9t\u00e9 CONFISERIE ADAM \u00e0 les exploiter.<\/span><\/p>\n<p><span style=\"font-weight: 400;\">A ce titre, toute reproduction, repr\u00e9sentation, utilisation, adaptation, modification, incorporation, traduction, commercialisation partiellement int\u00e9grale, par quelque proc\u00e9d\u00e9 et sur quelque support que ce soit sont interdites sans l\u2019autorisation \u00e9crite pr\u00e9alable de la soci\u00e9t\u00e9 CONFISERIE ADAM.<\/span><\/p>\n<p><span style=\"font-weight: 400;\">Sans l\u2019autorisation \u00e9crite pr\u00e9alable de la soci\u00e9t\u00e9 CONFISERIE ADAM, toute utilisation des \u00e9l\u00e9ments constitutifs du pr\u00e9sent site internet sont susceptibles de constituer un d\u00e9lit de contrefa\u00e7on p\u00e9nalement sanctionnable.\u00a0<\/span><\/p>\n<p>&nbsp;<\/p>\n<h3><b>Collectes des donn\u00e9es\u00a0<\/b><\/h3>\n<p><span style=\"font-weight: 400;\">La soci\u00e9t\u00e9 CONFISERIE ADAM a \u00e9labor\u00e9 une <a href=\"https:\/\/confiserie-adam.fr\/boutique\/politique-de-confidentialite\/\">politique de confidentialit\u00e9 \u00a0<\/a><\/span><span style=\"font-weight: 400;\">afin de respecter la vie priv\u00e9e des utilisateurs de celui-ci.<\/span><\/p>\n<p>&nbsp;<\/p>\n","protected":false},"excerpt":{"rendered":"<p>Mise \u00e0 jour\u00a0: janvier 2020 &nbsp; Les pr\u00e9sentes conditions g\u00e9n\u00e9rales fixent les modalit\u00e9s d\u2019utilisation du site internet\u00a0www.confiserie-adam.fr\u00a0 &nbsp; Pr\u00e9sentation du site\u00a0 Vous \u00eates actuellement connect\u00e9 au site www.confiserie-adam.fr\/boutique &nbsp; Conform\u00e9ment \u00e0 la loi \u00ab\u00a0Informatique et Libert\u00e9s\u00a0\u00bb du 6 janvier 1978 modifi\u00e9e, vous b\u00e9n\u00e9ficiez d\u2019un droit d\u2019acc\u00e8s et de rectification aux informations qui vous concernent, que [&hellip;]<\/p>\n","protected":false},"author":3253,"featured_media":0,"parent":0,"menu_order":0,"comment_status":"closed","ping_status":"closed","template":"page-simple.php","meta":[],"_links":{"self":[{"href":"https:\/\/confiserie-adam.fr\/boutique\/wp-json\/wp\/v2\/pages\/222"}],"collection":[{"href":"https:\/\/confiserie-adam.fr\/boutique\/wp-json\/wp\/v2\/pages"}],"about":[{"href":"https:\/\/confiserie-adam.fr\/boutique\/wp-json\/wp\/v2\/types\/page"}],"author":[{"embeddable":true,"href":"https:\/\/confiserie-adam.fr\/boutique\/wp-json\/wp\/v2\/users\/3253"}],"replies":[{"embeddable":true,"href":"https:\/\/confiserie-adam.fr\/boutique\/wp-json\/wp\/v2\/comments?post=222"}],"version-history":[{"count":7,"href":"https:\/\/confiserie-adam.fr\/boutique\/wp-json\/wp\/v2\/pages\/222\/revisions"}],"predecessor-version":[{"id":1386,"href":"https:\/\/confiserie-adam.fr\/boutique\/wp-json\/wp\/v2\/pages\/222\/revisions\/1386"}],"wp:attachment":[{"href":"https:\/\/confiserie-adam.fr\/boutique\/wp-json\/wp\/v2\/media?parent=222"}],"curies":[{"name":"wp","href":"https:\/\/api.w.org\/{rel}","templated":true}]}}